{"id":22700,"date":"2024-06-21T14:56:28","date_gmt":"2024-06-21T12:56:28","guid":{"rendered":"https:\/\/e2.estate\/prona\/apartament-ne-shitje-21-komuna-e-parisit\/"},"modified":"2024-06-24T10:59:41","modified_gmt":"2024-06-24T08:59:41","slug":"apartament-ne-shitje-21-komuna-e-parisit","status":"publish","type":"property","link":"https:\/\/e2.estate\/en\/prona\/apartament-ne-shitje-21-komuna-e-parisit\/","title":{"rendered":"APARTAMENT NE SHITJE 2+1 KOMUNA E PARISIT"},"content":{"rendered":"<p><span class=\"css-j2a19r-SpanText efbd9f0\">SHITET APARTAMENT 2+1 tek Komuna e Parisit<\/span><\/p>\n<p><span class=\"css-j2a19r-SpanText efbd9f0\">\u2013 Vendodhje fantastike n\u00eb mes t\u00eb Komun\u00ebs s\u00eb Parisit<\/span><br \/>\n<span class=\"css-j2a19r-SpanText efbd9f0\">\u2013 Pallat me ashensor<\/span><br \/>\n<span class=\"css-j2a19r-SpanText efbd9f0\">\u2013 Planimetri me hap\u00ebsira t\u00eb rregullta dhe kuadratike. I rikonstruktuar para nj\u00eb viti. Interior design i realizuar me arkitekt\u00eb dhe i mobiluar me firmat m\u00eb t\u00eb mira nga Brunes. Izolim I brendsh\u00ebm, vetrata z\u00ebizoluese dhe termike me sistem \u201cVolkswagen\u201d, kondicioner\u00eb Mitsubishi t\u00eb teknologjis\u00eb m\u00eb t\u00eb fundit n\u00eb treg, tavane gipsi e ndricim modern me spote t\u00eb inkasuar, tualete me finitura dhe sanitare moderne, garderob\u00eb me ndricim led e kapak\u00eb xhami etj.<\/span><br \/>\n<span class=\"css-j2a19r-SpanText efbd9f0\">\u2013 Me hipotek\u00eb<\/span><\/p>\n<p><span class=\"css-j2a19r-SpanText efbd9f0\">Organizimi: korridor shp\u00ebrndar\u00ebs i cili sh\u00ebrbehet nga nj\u00eb tualet dite, sallon i bollsh\u00ebm me ambient ngr\u00ebnie dhe gatimi, dhom\u00eb gjumi matrimoniale me tualet personal, dhom\u00eb gjumi f\u00ebmij\u00ebsh me garderob\u00eb, 1 ballkon i mbyllur me vetrat\u00eb.<\/span><br \/>\n<span class=\"css-j2a19r-SpanText efbd9f0\"><strong>Sip\u00ebrfaqja<\/strong> : 97 m\u00b2<\/span><br \/>\n<span class=\"css-j2a19r-SpanText efbd9f0\"><strong>\u00c7mimi p\u00ebr<\/strong>\u00a0<strong>m\u00b2<\/strong> : \u20ac 2.732<\/span><br \/>\n<span class=\"css-j2a19r-SpanText efbd9f0\"><strong>Zona:<\/strong> Komuna e Parisit (Tiran\u00eb \u2013 qyteti)<\/span><br \/>\n<span class=\"css-j2a19r-SpanText efbd9f0\"><strong>Adresa:<\/strong> Rruga Komuna e Parisit, Tiran\u00eb Shqip\u00ebria<\/span><br \/>\n<span class=\"css-j2a19r-SpanText efbd9f0\"><strong>Zona:<\/strong> Zon\u00eb rezidenciale<\/span><br \/>\n<span class=\"css-j2a19r-SpanText efbd9f0\"><strong>Dhoma:<\/strong> 2<\/span><br \/>\n<span class=\"css-j2a19r-SpanText efbd9f0\"><strong>Kati:<\/strong> 2-ti<\/span><br \/>\n<span class=\"css-j2a19r-SpanText efbd9f0\"><strong>Viti<\/strong> <strong>i<\/strong> <strong>nd\u00ebrtimit:<\/strong> 2008<\/span><br \/>\n<span class=\"css-j2a19r-SpanText efbd9f0\"><strong>Viti i rinovimit<\/strong>: 2023<\/span><br \/>\n<span class=\"css-j2a19r-SpanText efbd9f0\"><strong>Sistemi i Ngrohjes<\/strong>: Sistem Ngrohje Individual \u2013 Ngrohje n\u00ebn dysheme<\/span><br \/>\n<span class=\"css-j2a19r-SpanText efbd9f0\"><strong>Klasa e energjis\u00eb<\/strong>: A+<\/span><br \/>\n<span class=\"css-j2a19r-SpanText efbd9f0\"><strong>Katet e pron\u00ebs<\/strong>: 1<\/span><br \/>\n<span class=\"css-j2a19r-SpanText efbd9f0\"><strong>Kuzhina<\/strong>: 1<\/span><br \/>\n<span class=\"css-j2a19r-SpanText efbd9f0\"><strong>Dhom\u00eb nd\u00ebnje<\/strong>: 1<\/span><br \/>\n<span class=\"css-j2a19r-SpanText efbd9f0\"><strong>Banjo:<\/strong> 2<\/span><br \/>\n<span class=\"css-j2a19r-SpanText efbd9f0\"><strong>WC:<\/strong> 2<\/span><br \/>\n<span class=\"css-j2a19r-SpanText efbd9f0\"><strong>Statusi<\/strong>: E Lyer, E Mobiluar, Nd\u00ebrtim i ri Inf. Shtes\u00eb Sht\u00ebpi luksoze, \u00c7ertifikat\u00eb Pron\u00ebsie.<\/span><\/p>\n","protected":false},"excerpt":{"rendered":"<p>SHITET APARTAMENT 2+1 tek Komuna e Parisit \u2013 Vendodhje fantastike n\u00eb mes t\u00eb Komun\u00ebs s\u00eb Parisit \u2013 Pallat me ashensor \u2013 Planimetri me hap\u00ebsira t\u00eb rregullta dhe kuadratike. I rikonstruktuar para nj\u00eb viti. Interior design i realizuar me arkitekt\u00eb dhe i mobiluar me firmat m\u00eb t\u00eb mira nga Brunes. Izolim I brendsh\u00ebm, vetrata z\u00ebizoluese dhe [&hellip;]<\/p>\n","protected":false},"author":6,"featured_media":0,"parent":0,"menu_order":0,"template":"","property_type":[182],"property_status":[25],"property_feature":[],"property_label":[],"property_country":[75],"property_city":[229],"property_area":[],"class_list":["post-22700","property","type-property","status-publish","hentry","property_type-condo-apartment","property_status-for-sale","property_country-albania","property_city-tirana-en"],"property_meta":{"_alp_processed":["1719219581"],"_icl_lang_duplicate_of":["22699"],"houzez_featured_listing_date":[""],"fave_additional_features_enable":["enable"],"fave_multi_units":[""],"fave_mortgage_cal":["0"],"fave_payment_status":["not_paid"],"houzez_geolocation_lat":["41.3156139"],"houzez_geolocation_long":["19.8048399"],"houzez_total_property_views":["283"],"houzez_views_by_date":["a:61:{s:10:\"01-15-2026\";i:2;s:10:\"01-16-2026\";i:3;s:10:\"01-19-2026\";i:1;s:10:\"01-24-2026\";i:1;s:10:\"01-25-2026\";i:1;s:10:\"01-27-2026\";i:1;s:10:\"02-01-2026\";i:1;s:10:\"02-02-2026\";i:1;s:10:\"02-09-2026\";i:1;s:10:\"02-11-2026\";i:1;s:10:\"02-13-2026\";i:1;s:10:\"02-15-2026\";i:1;s:10:\"02-16-2026\";i:1;s:10:\"02-22-2026\";i:2;s:10:\"02-24-2026\";i:1;s:10:\"03-03-2026\";i:1;s:10:\"03-09-2026\";i:1;s:10:\"03-12-2026\";i:2;s:10:\"03-16-2026\";i:3;s:10:\"03-18-2026\";i:1;s:10:\"03-20-2026\";i:1;s:10:\"03-23-2026\";i:1;s:10:\"03-29-2026\";i:1;s:10:\"03-30-2026\";i:1;s:10:\"04-01-2026\";i:1;s:10:\"04-05-2026\";i:1;s:10:\"04-10-2026\";i:2;s:10:\"04-12-2026\";i:2;s:10:\"04-15-2026\";i:3;s:10:\"04-18-2026\";i:1;s:10:\"04-19-2026\";i:2;s:10:\"04-20-2026\";i:1;s:10:\"04-23-2026\";i:1;s:10:\"04-24-2026\";i:1;s:10:\"04-25-2026\";i:1;s:10:\"04-30-2026\";i:1;s:10:\"05-08-2026\";i:1;s:10:\"05-10-2026\";i:1;s:10:\"05-12-2026\";i:1;s:10:\"05-14-2026\";i:1;s:10:\"05-25-2026\";i:1;s:10:\"06-03-2026\";i:4;s:10:\"06-06-2026\";i:1;s:10:\"06-14-2026\";i:1;s:10:\"06-21-2026\";i:1;s:10:\"06-22-2026\";i:1;s:10:\"06-24-2026\";i:1;s:10:\"07-04-2026\";i:1;s:10:\"07-08-2026\";i:1;s:10:\"07-16-2026\";i:1;s:10:\"07-18-2026\";i:1;s:10:\"07-21-2026\";i:1;s:10:\"07-24-2026\";i:1;s:10:\"07-26-2026\";i:1;s:10:\"08-01-2026\";i:1;s:10:\"08-10-2026\";i:1;s:10:\"08-11-2026\";i:2;s:10:\"08-14-2026\";i:2;s:10:\"08-20-2026\";i:1;s:10:\"08-23-2026\";i:1;s:10:\"09-01-2026\";i:2;}"],"houzez_recently_viewed":["2026-09-01 16:40:33"],"_wpml_location_migration_done":["1"],"fave_property_price":["2732"],"fave_property_size":["97"],"fave_property_size_prefix":["m\u00b2"],"fave_property_bedrooms":["2"],"fave_property_bathrooms":["2"],"fave_property_year":[""],"fave_property_id":["KO-97"],"fave_video_url":[""],"additional_features":["a:1:{i:0;a:2:{s:29:\"fave_additional_feature_title\";s:0:\"\";s:29:\"fave_additional_feature_value\";s:0:\"\";}}"],"floor_plans":[""],"fave_featured":["0"],"fave_private_note":[""],"fave_agent_display_option":["author_info"],"fave_property_map_address":["Komuna e Parisit, Nj\u00ebsia Bashkiake Nr. 5, Tirana, Tirana Municipality, Tirana County, Central Albania, 1060, Albania"],"fave_property_address":["Komuna e Parisit, Nj\u00ebsia Bashkiake Nr. 5, Tirana, Tirana Municipality, Tirana County, Central Albania, 1060, Albania"],"fave_property_location":["41.3156139,19.8048399"],"fave_property_map":["1"],"fave_property_map_street_view":[""],"fave_property_images":["22691","22693","22695","22701","22707","22713","22715","22717"],"_elementor_page_assets":["a:0:{}"]},"yoast_head":"<!-- This site is optimized with the Yoast SEO plugin v28.3 - https:\/\/yoast.com\/product\/yoast-seo-wordpress\/ -->\n<title>APARTAMENT NE SHITJE 2+1 KOMUNA E PARISIT - E2 Estate<\/title>\n<meta name=\"robots\" content=\"index, follow, max-snippet:-1, max-image-preview:large, max-video-preview:-1\" \/>\n<link rel=\"canonical\" href=\"https:\/\/e2.estate\/en\/prona\/apartament-ne-shitje-21-komuna-e-parisit\/\" \/>\n<meta property=\"og:locale\" content=\"en_US\" \/>\n<meta property=\"og:type\" content=\"article\" \/>\n<meta property=\"og:title\" content=\"APARTAMENT NE SHITJE 2+1 KOMUNA E PARISIT - E2 Estate\" \/>\n<meta property=\"og:description\" content=\"SHITET APARTAMENT 2+1 tek Komuna e Parisit \u2013 Vendodhje fantastike n\u00eb mes t\u00eb Komun\u00ebs s\u00eb Parisit \u2013 Pallat me ashensor \u2013 Planimetri me hap\u00ebsira t\u00eb rregullta dhe kuadratike. I rikonstruktuar para nj\u00eb viti. Interior design i realizuar me arkitekt\u00eb dhe i mobiluar me firmat m\u00eb t\u00eb mira nga Brunes. Izolim I brendsh\u00ebm, vetrata z\u00ebizoluese dhe [&hellip;]\" \/>\n<meta property=\"og:url\" content=\"https:\/\/e2.estate\/en\/prona\/apartament-ne-shitje-21-komuna-e-parisit\/\" \/>\n<meta property=\"og:site_name\" content=\"E2 Estate\" \/>\n<meta property=\"article:modified_time\" content=\"2024-06-24T08:59:41+00:00\" \/>\n<meta property=\"og:image\" content=\"https:\/\/e2.estate\/wp-content\/uploads\/2024\/06\/LOGO-WEB-8-1-1024x640.png\" \/>\n\t<meta property=\"og:image:width\" content=\"1024\" \/>\n\t<meta property=\"og:image:height\" content=\"640\" \/>\n\t<meta property=\"og:image:type\" content=\"image\/png\" \/>\n<meta name=\"twitter:card\" content=\"summary_large_image\" \/>\n<meta name=\"twitter:label1\" content=\"Est. reading time\" \/>\n\t<meta name=\"twitter:data1\" content=\"1 minute\" \/>\n<script type=\"application\/ld+json\" class=\"yoast-schema-graph\">{\"@context\":\"https:\\\/\\\/schema.org\",\"@graph\":[{\"@type\":\"WebPage\",\"@id\":\"https:\\\/\\\/e2.estate\\\/en\\\/prona\\\/apartament-ne-shitje-21-komuna-e-parisit\\\/\",\"url\":\"https:\\\/\\\/e2.estate\\\/en\\\/prona\\\/apartament-ne-shitje-21-komuna-e-parisit\\\/\",\"name\":\"APARTAMENT NE SHITJE 2+1 KOMUNA E PARISIT - E2 Estate\",\"isPartOf\":{\"@id\":\"https:\\\/\\\/e2.estate\\\/en\\\/#website\"},\"datePublished\":\"2024-06-21T12:56:28+00:00\",\"dateModified\":\"2024-06-24T08:59:41+00:00\",\"breadcrumb\":{\"@id\":\"https:\\\/\\\/e2.estate\\\/en\\\/prona\\\/apartament-ne-shitje-21-komuna-e-parisit\\\/#breadcrumb\"},\"inLanguage\":\"en-US\",\"potentialAction\":[{\"@type\":\"ReadAction\",\"target\":[\"https:\\\/\\\/e2.estate\\\/en\\\/prona\\\/apartament-ne-shitje-21-komuna-e-parisit\\\/\"]}]},{\"@type\":\"BreadcrumbList\",\"@id\":\"https:\\\/\\\/e2.estate\\\/en\\\/prona\\\/apartament-ne-shitje-21-komuna-e-parisit\\\/#breadcrumb\",\"itemListElement\":[{\"@type\":\"ListItem\",\"position\":1,\"name\":\"Home\",\"item\":\"https:\\\/\\\/e2.estate\\\/en\\\/\"},{\"@type\":\"ListItem\",\"position\":2,\"name\":\"Properties\",\"item\":\"https:\\\/\\\/e2.estate\\\/en\\\/prona\\\/\"},{\"@type\":\"ListItem\",\"position\":3,\"name\":\"APARTAMENT NE SHITJE 2+1 KOMUNA E PARISIT\"}]},{\"@type\":\"WebSite\",\"@id\":\"https:\\\/\\\/e2.estate\\\/en\\\/#website\",\"url\":\"https:\\\/\\\/e2.estate\\\/en\\\/\",\"name\":\"E2 Estate\",\"description\":\"Luxury Real Estate\",\"publisher\":{\"@id\":\"https:\\\/\\\/e2.estate\\\/en\\\/#organization\"},\"potentialAction\":[{\"@type\":\"SearchAction\",\"target\":{\"@type\":\"EntryPoint\",\"urlTemplate\":\"https:\\\/\\\/e2.estate\\\/en\\\/?s={search_term_string}\"},\"query-input\":{\"@type\":\"PropertyValueSpecification\",\"valueRequired\":true,\"valueName\":\"search_term_string\"}}],\"inLanguage\":\"en-US\"},{\"@type\":\"Organization\",\"@id\":\"https:\\\/\\\/e2.estate\\\/en\\\/#organization\",\"name\":\"E2 Estate\",\"url\":\"https:\\\/\\\/e2.estate\\\/en\\\/\",\"logo\":{\"@type\":\"ImageObject\",\"inLanguage\":\"en-US\",\"@id\":\"https:\\\/\\\/e2.estate\\\/en\\\/#\\\/schema\\\/logo\\\/image\\\/\",\"url\":\"https:\\\/\\\/e2.estate\\\/wp-content\\\/uploads\\\/2022\\\/07\\\/E2-Estate-transparente-2.png\",\"contentUrl\":\"https:\\\/\\\/e2.estate\\\/wp-content\\\/uploads\\\/2022\\\/07\\\/E2-Estate-transparente-2.png\",\"width\":1080,\"height\":1080,\"caption\":\"E2 Estate\"},\"image\":{\"@id\":\"https:\\\/\\\/e2.estate\\\/en\\\/#\\\/schema\\\/logo\\\/image\\\/\"}}]}<\/script>\n<!-- \/ Yoast SEO plugin. -->","yoast_head_json":{"title":"APARTAMENT NE SHITJE 2+1 KOMUNA E PARISIT - E2 Estate","robots":{"index":"index","follow":"follow","max-snippet":"max-snippet:-1","max-image-preview":"max-image-preview:large","max-video-preview":"max-video-preview:-1"},"canonical":"https:\/\/e2.estate\/en\/prona\/apartament-ne-shitje-21-komuna-e-parisit\/","og_locale":"en_US","og_type":"article","og_title":"APARTAMENT NE SHITJE 2+1 KOMUNA E PARISIT - E2 Estate","og_description":"SHITET APARTAMENT 2+1 tek Komuna e Parisit \u2013 Vendodhje fantastike n\u00eb mes t\u00eb Komun\u00ebs s\u00eb Parisit \u2013 Pallat me ashensor \u2013 Planimetri me hap\u00ebsira t\u00eb rregullta dhe kuadratike. I rikonstruktuar para nj\u00eb viti. Interior design i realizuar me arkitekt\u00eb dhe i mobiluar me firmat m\u00eb t\u00eb mira nga Brunes. Izolim I brendsh\u00ebm, vetrata z\u00ebizoluese dhe [&hellip;]","og_url":"https:\/\/e2.estate\/en\/prona\/apartament-ne-shitje-21-komuna-e-parisit\/","og_site_name":"E2 Estate","article_modified_time":"2024-06-24T08:59:41+00:00","og_image":[{"width":1024,"height":640,"url":"https:\/\/e2.estate\/wp-content\/uploads\/2024\/06\/LOGO-WEB-8-1-1024x640.png","type":"image\/png"}],"twitter_card":"summary_large_image","twitter_misc":{"Est. reading time":"1 minute"},"schema":{"@context":"https:\/\/schema.org","@graph":[{"@type":"WebPage","@id":"https:\/\/e2.estate\/en\/prona\/apartament-ne-shitje-21-komuna-e-parisit\/","url":"https:\/\/e2.estate\/en\/prona\/apartament-ne-shitje-21-komuna-e-parisit\/","name":"APARTAMENT NE SHITJE 2+1 KOMUNA E PARISIT - E2 Estate","isPartOf":{"@id":"https:\/\/e2.estate\/en\/#website"},"datePublished":"2024-06-21T12:56:28+00:00","dateModified":"2024-06-24T08:59:41+00:00","breadcrumb":{"@id":"https:\/\/e2.estate\/en\/prona\/apartament-ne-shitje-21-komuna-e-parisit\/#breadcrumb"},"inLanguage":"en-US","potentialAction":[{"@type":"ReadAction","target":["https:\/\/e2.estate\/en\/prona\/apartament-ne-shitje-21-komuna-e-parisit\/"]}]},{"@type":"BreadcrumbList","@id":"https:\/\/e2.estate\/en\/prona\/apartament-ne-shitje-21-komuna-e-parisit\/#breadcrumb","itemListElement":[{"@type":"ListItem","position":1,"name":"Home","item":"https:\/\/e2.estate\/en\/"},{"@type":"ListItem","position":2,"name":"Properties","item":"https:\/\/e2.estate\/en\/prona\/"},{"@type":"ListItem","position":3,"name":"APARTAMENT NE SHITJE 2+1 KOMUNA E PARISIT"}]},{"@type":"WebSite","@id":"https:\/\/e2.estate\/en\/#website","url":"https:\/\/e2.estate\/en\/","name":"E2 Estate","description":"Luxury Real Estate","publisher":{"@id":"https:\/\/e2.estate\/en\/#organization"},"potentialAction":[{"@type":"SearchAction","target":{"@type":"EntryPoint","urlTemplate":"https:\/\/e2.estate\/en\/?s={search_term_string}"},"query-input":{"@type":"PropertyValueSpecification","valueRequired":true,"valueName":"search_term_string"}}],"inLanguage":"en-US"},{"@type":"Organization","@id":"https:\/\/e2.estate\/en\/#organization","name":"E2 Estate","url":"https:\/\/e2.estate\/en\/","logo":{"@type":"ImageObject","inLanguage":"en-US","@id":"https:\/\/e2.estate\/en\/#\/schema\/logo\/image\/","url":"https:\/\/e2.estate\/wp-content\/uploads\/2022\/07\/E2-Estate-transparente-2.png","contentUrl":"https:\/\/e2.estate\/wp-content\/uploads\/2022\/07\/E2-Estate-transparente-2.png","width":1080,"height":1080,"caption":"E2 Estate"},"image":{"@id":"https:\/\/e2.estate\/en\/#\/schema\/logo\/image\/"}}]}},"_links":{"self":[{"href":"https:\/\/e2.estate\/en\/wp-json\/wp\/v2\/properties\/22700","targetHints":{"allow":["GET"]}}],"collection":[{"href":"https:\/\/e2.estate\/en\/wp-json\/wp\/v2\/properties"}],"about":[{"href":"https:\/\/e2.estate\/en\/wp-json\/wp\/v2\/types\/property"}],"author":[{"embeddable":true,"href":"https:\/\/e2.estate\/en\/wp-json\/wp\/v2\/users\/6"}],"version-history":[{"count":2,"href":"https:\/\/e2.estate\/en\/wp-json\/wp\/v2\/properties\/22700\/revisions"}],"predecessor-version":[{"id":22725,"href":"https:\/\/e2.estate\/en\/wp-json\/wp\/v2\/properties\/22700\/revisions\/22725"}],"wp:attachment":[{"href":"https:\/\/e2.estate\/en\/wp-json\/wp\/v2\/media?parent=22700"}],"wp:term":[{"taxonomy":"property_type","embeddable":true,"href":"https:\/\/e2.estate\/en\/wp-json\/wp\/v2\/property_type?post=22700"},{"taxonomy":"property_status","embeddable":true,"href":"https:\/\/e2.estate\/en\/wp-json\/wp\/v2\/property_status?post=22700"},{"taxonomy":"property_feature","embeddable":true,"href":"https:\/\/e2.estate\/en\/wp-json\/wp\/v2\/property_feature?post=22700"},{"taxonomy":"property_label","embeddable":true,"href":"https:\/\/e2.estate\/en\/wp-json\/wp\/v2\/property_label?post=22700"},{"taxonomy":"property_country","embeddable":true,"href":"https:\/\/e2.estate\/en\/wp-json\/wp\/v2\/property_country?post=22700"},{"taxonomy":"property_city","embeddable":true,"href":"https:\/\/e2.estate\/en\/wp-json\/wp\/v2\/property_city?post=22700"},{"taxonomy":"property_area","embeddable":true,"href":"https:\/\/e2.estate\/en\/wp-json\/wp\/v2\/property_area?post=22700"}],"curies":[{"name":"wp","href":"https:\/\/api.w.org\/{rel}","templated":true}]}}