{"id":4943,"date":"2024-03-29T14:06:46","date_gmt":"2024-03-29T13:06:46","guid":{"rendered":"https:\/\/e2.estate\/prona\/apartament-ne-shitje-ne-rezidencen-piccadilly\/"},"modified":"2024-03-29T14:06:53","modified_gmt":"2024-03-29T13:06:53","slug":"apartament-ne-shitje-ne-rezidencen-piccadilly","status":"publish","type":"property","link":"https:\/\/e2.estate\/en\/prona\/apartament-ne-shitje-ne-rezidencen-piccadilly\/","title":{"rendered":"Apartament ne shitje ne Rezidencen Piccadilly"},"content":{"rendered":"<p>Apartament ne shitje ne rezidencen PICCADILLY.<\/p>\n<p>\ud83d\udccd: Prane TEG<br \/>\n\ud83d\udcd0: Siperfaqe: 92.77m2<br \/>\n\ud83c\udff7\ufe0f: \u00c7mimi \u20ac184,834<\/p>\n<p>Organizimi:<br \/>\n\u20222 dhoma gjumi<br \/>\n\u20221 dhome ndenje<br \/>\n\u20221 tualet<br \/>\n\u20221 verand\u00eb<\/p>\n<p>Piccadilly Rezidence esht\u00eb nje koncept vizionar banimi eshte i perb\u00e9r\u00e9 nga Apartamente Moderne, Vileta dhe Duplekse.<br \/>\nI pozicionuar ne nje zone elitare te Tiran\u00ebs, me hap\u00ebsira te gjelberta, dhe me te gjitha facilitetet e nevojshme per nje stil jetese sa me komod, ajo ndodhet vetem 1 minute nga TEG dhe 5 minuta nga qendra e Tiranes.<\/p>\n<p>Per me shume informacion apo paqartesi na kontaktoni:<br \/>\n\ud83d\udcde+355 69 677 7030<br \/>\n\ud83d\udce7info@e2.estate<br \/>\n\ud83c\udf10e2.estate<\/p>\n","protected":false},"excerpt":{"rendered":"<p>Apartament ne shitje ne rezidencen PICCADILLY. \ud83d\udccd: Prane TEG \ud83d\udcd0: Siperfaqe: 92.77m2 \ud83c\udff7\ufe0f: \u00c7mimi \u20ac184,834 Organizimi: \u20222 dhoma gjumi \u20221 dhome ndenje \u20221 tualet \u20221 verand\u00eb Piccadilly Rezidence esht\u00eb nje koncept vizionar banimi eshte i perb\u00e9r\u00e9 nga Apartamente Moderne, Vileta dhe Duplekse. I pozicionuar ne nje zone elitare te Tiran\u00ebs, me hap\u00ebsira te gjelberta, dhe [&hellip;]<\/p>\n","protected":false},"author":6,"featured_media":4941,"parent":0,"menu_order":0,"template":"","property_type":[],"property_status":[25],"property_feature":[],"property_label":[],"property_country":[75],"property_city":[229],"property_area":[],"class_list":["post-4943","property","type-property","status-publish","has-post-thumbnail","hentry","property_status-for-sale","property_country-albania","property_city-tirana-en"],"property_meta":{"_alp_processed":["1711717613"],"_icl_lang_duplicate_of":["4942"],"houzez_featured_listing_date":[""],"fave_property_price":["184,834"],"fave_property_size":["92.77"],"fave_property_size_prefix":["m\u00b2"],"fave_property_bedrooms":["2"],"fave_property_bathrooms":["1"],"fave_property_year":["2024"],"fave_property_id":[""],"fave_video_url":[""],"fave_property_images":["4940","4938"],"additional_features":["a:1:{i:0;a:2:{s:29:\"fave_additional_feature_title\";s:0:\"\";s:29:\"fave_additional_feature_value\";s:0:\"\";}}"],"fave_additional_features_enable":["enable"],"floor_plans":[""],"fave_multi_units":[""],"fave_featured":["0"],"fave_mortgage_cal":["0"],"fave_private_note":[""],"fave_payment_status":["not_paid"],"fave_agent_display_option":["agent_info"],"fave_agents":["3589"],"fave_property_map_address":["TEG (Tirana East Gate), Rruga e Vilave, Lund\u00ebr, Fark\u00eb, Tirana Municipality, Tirana County, Central Albania, 1045, Albania"],"fave_property_address":["TEG (Tirana East Gate), Rruga e Vilave, Lund\u00ebr, Fark\u00eb, Tirana Municipality, Tirana County, Central Albania, 1045, Albania"],"houzez_geolocation_lat":["41.284048"],"houzez_geolocation_long":["19.858589"],"fave_property_location":["41.284048,19.858589"],"fave_property_map":["1"],"fave_property_map_street_view":[""],"_wpml_location_migration_done":["1"],"_wpml_word_count":["{\"total\":162,\"to_translate\":{\"en\":162}}"],"houzez_total_property_views":["343"],"houzez_views_by_date":["a:61:{s:10:\"01-10-2026\";i:1;s:10:\"01-11-2026\";i:1;s:10:\"01-14-2026\";i:1;s:10:\"01-15-2026\";i:7;s:10:\"01-16-2026\";i:2;s:10:\"01-22-2026\";i:1;s:10:\"01-28-2026\";i:1;s:10:\"01-29-2026\";i:2;s:10:\"02-06-2026\";i:2;s:10:\"02-11-2026\";i:2;s:10:\"02-12-2026\";i:1;s:10:\"02-13-2026\";i:2;s:10:\"02-20-2026\";i:1;s:10:\"02-22-2026\";i:2;s:10:\"02-24-2026\";i:1;s:10:\"02-26-2026\";i:2;s:10:\"03-02-2026\";i:1;s:10:\"03-09-2026\";i:1;s:10:\"03-10-2026\";i:1;s:10:\"03-15-2026\";i:1;s:10:\"03-17-2026\";i:2;s:10:\"03-18-2026\";i:1;s:10:\"03-23-2026\";i:1;s:10:\"03-24-2026\";i:1;s:10:\"03-27-2026\";i:1;s:10:\"03-29-2026\";i:3;s:10:\"03-30-2026\";i:1;s:10:\"04-06-2026\";i:1;s:10:\"04-10-2026\";i:1;s:10:\"04-12-2026\";i:2;s:10:\"04-13-2026\";i:1;s:10:\"04-20-2026\";i:1;s:10:\"04-27-2026\";i:1;s:10:\"05-01-2026\";i:1;s:10:\"05-02-2026\";i:1;s:10:\"05-08-2026\";i:1;s:10:\"05-12-2026\";i:1;s:10:\"05-15-2026\";i:1;s:10:\"05-19-2026\";i:2;s:10:\"05-27-2026\";i:1;s:10:\"05-30-2026\";i:1;s:10:\"05-31-2026\";i:1;s:10:\"06-03-2026\";i:4;s:10:\"06-06-2026\";i:1;s:10:\"06-08-2026\";i:1;s:10:\"06-10-2026\";i:1;s:10:\"06-15-2026\";i:1;s:10:\"06-26-2026\";i:1;s:10:\"06-30-2026\";i:3;s:10:\"07-03-2026\";i:1;s:10:\"07-05-2026\";i:1;s:10:\"07-10-2026\";i:1;s:10:\"07-15-2026\";i:1;s:10:\"07-18-2026\";i:1;s:10:\"07-21-2026\";i:1;s:10:\"07-26-2026\";i:1;s:10:\"08-04-2026\";i:1;s:10:\"08-10-2026\";i:1;s:10:\"08-14-2026\";i:1;s:10:\"08-25-2026\";i:1;s:10:\"09-01-2026\";i:2;}"],"houzez_recently_viewed":["2026-09-01 16:00:10"],"_thumbnail_id":["4941"],"_elementor_page_assets":["a:0:{}"]},"yoast_head":"<!-- This site is optimized with the Yoast SEO plugin v28.3 - https:\/\/yoast.com\/product\/yoast-seo-wordpress\/ -->\n<title>Apartament ne shitje ne Rezidencen Piccadilly - E2 Estate<\/title>\n<meta name=\"robots\" content=\"index, follow, max-snippet:-1, max-image-preview:large, max-video-preview:-1\" \/>\n<link rel=\"canonical\" href=\"https:\/\/e2.estate\/en\/prona\/apartament-ne-shitje-ne-rezidencen-piccadilly\/\" \/>\n<meta property=\"og:locale\" content=\"en_US\" \/>\n<meta property=\"og:type\" content=\"article\" \/>\n<meta property=\"og:title\" content=\"Apartament ne shitje ne Rezidencen Piccadilly - E2 Estate\" \/>\n<meta property=\"og:description\" content=\"Apartament ne shitje ne rezidencen PICCADILLY. \ud83d\udccd: Prane TEG \ud83d\udcd0: Siperfaqe: 92.77m2 \ud83c\udff7\ufe0f: \u00c7mimi \u20ac184,834 Organizimi: \u20222 dhoma gjumi \u20221 dhome ndenje \u20221 tualet \u20221 verand\u00eb Piccadilly Rezidence esht\u00eb nje koncept vizionar banimi eshte i perb\u00e9r\u00e9 nga Apartamente Moderne, Vileta dhe Duplekse. I pozicionuar ne nje zone elitare te Tiran\u00ebs, me hap\u00ebsira te gjelberta, dhe [&hellip;]\" \/>\n<meta property=\"og:url\" content=\"https:\/\/e2.estate\/en\/prona\/apartament-ne-shitje-ne-rezidencen-piccadilly\/\" \/>\n<meta property=\"og:site_name\" content=\"E2 Estate\" \/>\n<meta property=\"article:modified_time\" content=\"2024-03-29T13:06:53+00:00\" \/>\n<meta property=\"og:image\" content=\"https:\/\/e2.estate\/wp-content\/uploads\/2024\/03\/b9c68375-157b-4423-aa2b-59982b86d802-2.jpg\" \/>\n\t<meta property=\"og:image:width\" content=\"1600\" \/>\n\t<meta property=\"og:image:height\" content=\"1600\" \/>\n\t<meta property=\"og:image:type\" content=\"image\/jpeg\" \/>\n<meta name=\"twitter:card\" content=\"summary_large_image\" \/>\n<script type=\"application\/ld+json\" class=\"yoast-schema-graph\">{\"@context\":\"https:\\\/\\\/schema.org\",\"@graph\":[{\"@type\":\"WebPage\",\"@id\":\"https:\\\/\\\/e2.estate\\\/en\\\/prona\\\/apartament-ne-shitje-ne-rezidencen-piccadilly\\\/\",\"url\":\"https:\\\/\\\/e2.estate\\\/en\\\/prona\\\/apartament-ne-shitje-ne-rezidencen-piccadilly\\\/\",\"name\":\"Apartament ne shitje ne Rezidencen Piccadilly - E2 Estate\",\"isPartOf\":{\"@id\":\"https:\\\/\\\/e2.estate\\\/en\\\/#website\"},\"primaryImageOfPage\":{\"@id\":\"https:\\\/\\\/e2.estate\\\/en\\\/prona\\\/apartament-ne-shitje-ne-rezidencen-piccadilly\\\/#primaryimage\"},\"image\":{\"@id\":\"https:\\\/\\\/e2.estate\\\/en\\\/prona\\\/apartament-ne-shitje-ne-rezidencen-piccadilly\\\/#primaryimage\"},\"thumbnailUrl\":\"https:\\\/\\\/e2.estate\\\/wp-content\\\/uploads\\\/2024\\\/03\\\/b9c68375-157b-4423-aa2b-59982b86d802-2.jpg\",\"datePublished\":\"2024-03-29T13:06:46+00:00\",\"dateModified\":\"2024-03-29T13:06:53+00:00\",\"breadcrumb\":{\"@id\":\"https:\\\/\\\/e2.estate\\\/en\\\/prona\\\/apartament-ne-shitje-ne-rezidencen-piccadilly\\\/#breadcrumb\"},\"inLanguage\":\"en-US\",\"potentialAction\":[{\"@type\":\"ReadAction\",\"target\":[\"https:\\\/\\\/e2.estate\\\/en\\\/prona\\\/apartament-ne-shitje-ne-rezidencen-piccadilly\\\/\"]}]},{\"@type\":\"ImageObject\",\"inLanguage\":\"en-US\",\"@id\":\"https:\\\/\\\/e2.estate\\\/en\\\/prona\\\/apartament-ne-shitje-ne-rezidencen-piccadilly\\\/#primaryimage\",\"url\":\"https:\\\/\\\/e2.estate\\\/wp-content\\\/uploads\\\/2024\\\/03\\\/b9c68375-157b-4423-aa2b-59982b86d802-2.jpg\",\"contentUrl\":\"https:\\\/\\\/e2.estate\\\/wp-content\\\/uploads\\\/2024\\\/03\\\/b9c68375-157b-4423-aa2b-59982b86d802-2.jpg\",\"width\":1600,\"height\":1600},{\"@type\":\"BreadcrumbList\",\"@id\":\"https:\\\/\\\/e2.estate\\\/en\\\/prona\\\/apartament-ne-shitje-ne-rezidencen-piccadilly\\\/#breadcrumb\",\"itemListElement\":[{\"@type\":\"ListItem\",\"position\":1,\"name\":\"Home\",\"item\":\"https:\\\/\\\/e2.estate\\\/en\\\/\"},{\"@type\":\"ListItem\",\"position\":2,\"name\":\"Properties\",\"item\":\"https:\\\/\\\/e2.estate\\\/en\\\/prona\\\/\"},{\"@type\":\"ListItem\",\"position\":3,\"name\":\"Apartament ne shitje ne Rezidencen Piccadilly\"}]},{\"@type\":\"WebSite\",\"@id\":\"https:\\\/\\\/e2.estate\\\/en\\\/#website\",\"url\":\"https:\\\/\\\/e2.estate\\\/en\\\/\",\"name\":\"E2 Estate\",\"description\":\"Luxury Real Estate\",\"publisher\":{\"@id\":\"https:\\\/\\\/e2.estate\\\/en\\\/#organization\"},\"potentialAction\":[{\"@type\":\"SearchAction\",\"target\":{\"@type\":\"EntryPoint\",\"urlTemplate\":\"https:\\\/\\\/e2.estate\\\/en\\\/?s={search_term_string}\"},\"query-input\":{\"@type\":\"PropertyValueSpecification\",\"valueRequired\":true,\"valueName\":\"search_term_string\"}}],\"inLanguage\":\"en-US\"},{\"@type\":\"Organization\",\"@id\":\"https:\\\/\\\/e2.estate\\\/en\\\/#organization\",\"name\":\"E2 Estate\",\"url\":\"https:\\\/\\\/e2.estate\\\/en\\\/\",\"logo\":{\"@type\":\"ImageObject\",\"inLanguage\":\"en-US\",\"@id\":\"https:\\\/\\\/e2.estate\\\/en\\\/#\\\/schema\\\/logo\\\/image\\\/\",\"url\":\"https:\\\/\\\/e2.estate\\\/wp-content\\\/uploads\\\/2022\\\/07\\\/E2-Estate-transparente-2.png\",\"contentUrl\":\"https:\\\/\\\/e2.estate\\\/wp-content\\\/uploads\\\/2022\\\/07\\\/E2-Estate-transparente-2.png\",\"width\":1080,\"height\":1080,\"caption\":\"E2 Estate\"},\"image\":{\"@id\":\"https:\\\/\\\/e2.estate\\\/en\\\/#\\\/schema\\\/logo\\\/image\\\/\"}}]}<\/script>\n<!-- \/ Yoast SEO plugin. -->","yoast_head_json":{"title":"Apartament ne shitje ne Rezidencen Piccadilly - E2 Estate","robots":{"index":"index","follow":"follow","max-snippet":"max-snippet:-1","max-image-preview":"max-image-preview:large","max-video-preview":"max-video-preview:-1"},"canonical":"https:\/\/e2.estate\/en\/prona\/apartament-ne-shitje-ne-rezidencen-piccadilly\/","og_locale":"en_US","og_type":"article","og_title":"Apartament ne shitje ne Rezidencen Piccadilly - E2 Estate","og_description":"Apartament ne shitje ne rezidencen PICCADILLY. \ud83d\udccd: Prane TEG \ud83d\udcd0: Siperfaqe: 92.77m2 \ud83c\udff7\ufe0f: \u00c7mimi \u20ac184,834 Organizimi: \u20222 dhoma gjumi \u20221 dhome ndenje \u20221 tualet \u20221 verand\u00eb Piccadilly Rezidence esht\u00eb nje koncept vizionar banimi eshte i perb\u00e9r\u00e9 nga Apartamente Moderne, Vileta dhe Duplekse. I pozicionuar ne nje zone elitare te Tiran\u00ebs, me hap\u00ebsira te gjelberta, dhe [&hellip;]","og_url":"https:\/\/e2.estate\/en\/prona\/apartament-ne-shitje-ne-rezidencen-piccadilly\/","og_site_name":"E2 Estate","article_modified_time":"2024-03-29T13:06:53+00:00","og_image":[{"width":1600,"height":1600,"url":"https:\/\/e2.estate\/wp-content\/uploads\/2024\/03\/b9c68375-157b-4423-aa2b-59982b86d802-2.jpg","type":"image\/jpeg"}],"twitter_card":"summary_large_image","schema":{"@context":"https:\/\/schema.org","@graph":[{"@type":"WebPage","@id":"https:\/\/e2.estate\/en\/prona\/apartament-ne-shitje-ne-rezidencen-piccadilly\/","url":"https:\/\/e2.estate\/en\/prona\/apartament-ne-shitje-ne-rezidencen-piccadilly\/","name":"Apartament ne shitje ne Rezidencen Piccadilly - E2 Estate","isPartOf":{"@id":"https:\/\/e2.estate\/en\/#website"},"primaryImageOfPage":{"@id":"https:\/\/e2.estate\/en\/prona\/apartament-ne-shitje-ne-rezidencen-piccadilly\/#primaryimage"},"image":{"@id":"https:\/\/e2.estate\/en\/prona\/apartament-ne-shitje-ne-rezidencen-piccadilly\/#primaryimage"},"thumbnailUrl":"https:\/\/e2.estate\/wp-content\/uploads\/2024\/03\/b9c68375-157b-4423-aa2b-59982b86d802-2.jpg","datePublished":"2024-03-29T13:06:46+00:00","dateModified":"2024-03-29T13:06:53+00:00","breadcrumb":{"@id":"https:\/\/e2.estate\/en\/prona\/apartament-ne-shitje-ne-rezidencen-piccadilly\/#breadcrumb"},"inLanguage":"en-US","potentialAction":[{"@type":"ReadAction","target":["https:\/\/e2.estate\/en\/prona\/apartament-ne-shitje-ne-rezidencen-piccadilly\/"]}]},{"@type":"ImageObject","inLanguage":"en-US","@id":"https:\/\/e2.estate\/en\/prona\/apartament-ne-shitje-ne-rezidencen-piccadilly\/#primaryimage","url":"https:\/\/e2.estate\/wp-content\/uploads\/2024\/03\/b9c68375-157b-4423-aa2b-59982b86d802-2.jpg","contentUrl":"https:\/\/e2.estate\/wp-content\/uploads\/2024\/03\/b9c68375-157b-4423-aa2b-59982b86d802-2.jpg","width":1600,"height":1600},{"@type":"BreadcrumbList","@id":"https:\/\/e2.estate\/en\/prona\/apartament-ne-shitje-ne-rezidencen-piccadilly\/#breadcrumb","itemListElement":[{"@type":"ListItem","position":1,"name":"Home","item":"https:\/\/e2.estate\/en\/"},{"@type":"ListItem","position":2,"name":"Properties","item":"https:\/\/e2.estate\/en\/prona\/"},{"@type":"ListItem","position":3,"name":"Apartament ne shitje ne Rezidencen Piccadilly"}]},{"@type":"WebSite","@id":"https:\/\/e2.estate\/en\/#website","url":"https:\/\/e2.estate\/en\/","name":"E2 Estate","description":"Luxury Real Estate","publisher":{"@id":"https:\/\/e2.estate\/en\/#organization"},"potentialAction":[{"@type":"SearchAction","target":{"@type":"EntryPoint","urlTemplate":"https:\/\/e2.estate\/en\/?s={search_term_string}"},"query-input":{"@type":"PropertyValueSpecification","valueRequired":true,"valueName":"search_term_string"}}],"inLanguage":"en-US"},{"@type":"Organization","@id":"https:\/\/e2.estate\/en\/#organization","name":"E2 Estate","url":"https:\/\/e2.estate\/en\/","logo":{"@type":"ImageObject","inLanguage":"en-US","@id":"https:\/\/e2.estate\/en\/#\/schema\/logo\/image\/","url":"https:\/\/e2.estate\/wp-content\/uploads\/2022\/07\/E2-Estate-transparente-2.png","contentUrl":"https:\/\/e2.estate\/wp-content\/uploads\/2022\/07\/E2-Estate-transparente-2.png","width":1080,"height":1080,"caption":"E2 Estate"},"image":{"@id":"https:\/\/e2.estate\/en\/#\/schema\/logo\/image\/"}}]}},"_links":{"self":[{"href":"https:\/\/e2.estate\/en\/wp-json\/wp\/v2\/properties\/4943","targetHints":{"allow":["GET"]}}],"collection":[{"href":"https:\/\/e2.estate\/en\/wp-json\/wp\/v2\/properties"}],"about":[{"href":"https:\/\/e2.estate\/en\/wp-json\/wp\/v2\/types\/property"}],"author":[{"embeddable":true,"href":"https:\/\/e2.estate\/en\/wp-json\/wp\/v2\/users\/6"}],"version-history":[{"count":1,"href":"https:\/\/e2.estate\/en\/wp-json\/wp\/v2\/properties\/4943\/revisions"}],"predecessor-version":[{"id":4944,"href":"https:\/\/e2.estate\/en\/wp-json\/wp\/v2\/properties\/4943\/revisions\/4944"}],"wp:featuredmedia":[{"embeddable":true,"href":"https:\/\/e2.estate\/en\/wp-json\/wp\/v2\/media\/4941"}],"wp:attachment":[{"href":"https:\/\/e2.estate\/en\/wp-json\/wp\/v2\/media?parent=4943"}],"wp:term":[{"taxonomy":"property_type","embeddable":true,"href":"https:\/\/e2.estate\/en\/wp-json\/wp\/v2\/property_type?post=4943"},{"taxonomy":"property_status","embeddable":true,"href":"https:\/\/e2.estate\/en\/wp-json\/wp\/v2\/property_status?post=4943"},{"taxonomy":"property_feature","embeddable":true,"href":"https:\/\/e2.estate\/en\/wp-json\/wp\/v2\/property_feature?post=4943"},{"taxonomy":"property_label","embeddable":true,"href":"https:\/\/e2.estate\/en\/wp-json\/wp\/v2\/property_label?post=4943"},{"taxonomy":"property_country","embeddable":true,"href":"https:\/\/e2.estate\/en\/wp-json\/wp\/v2\/property_country?post=4943"},{"taxonomy":"property_city","embeddable":true,"href":"https:\/\/e2.estate\/en\/wp-json\/wp\/v2\/property_city?post=4943"},{"taxonomy":"property_area","embeddable":true,"href":"https:\/\/e2.estate\/en\/wp-json\/wp\/v2\/property_area?post=4943"}],"curies":[{"name":"wp","href":"https:\/\/api.w.org\/{rel}","templated":true}]}}